{"id":10,"date":"2021-01-11T15:05:58","date_gmt":"2021-01-11T14:05:58","guid":{"rendered":"https:\/\/zebas-web.de\/?page_id=10"},"modified":"2024-01-02T09:28:11","modified_gmt":"2024-01-02T08:28:11","slug":"impressum","status":"publish","type":"page","link":"https:\/\/zeb-online.de\/cms\/impressum\/","title":{"rendered":"Impressum"},"content":{"rendered":"<div class=\"fusion-fullwidth fullwidth-box fusion-builder-row-1 fusion-flex-container nonhundred-percent-fullwidth non-hundred-percent-height-scrolling\" style=\"background-color: rgba(255,255,255,0);background-position: center center;background-repeat: no-repeat;border-width: 0px 0px 0px 0px;border-color:#e2e2e2;border-style:solid;\" ><div class=\"fusion-builder-row fusion-row fusion-flex-align-items-flex-start\" style=\"max-width:1248px;margin-left: calc(-4% \/ 2 );margin-right: calc(-4% \/ 2 );\"><div class=\"fusion-layout-column fusion_builder_column fusion-builder-column-0 fusion_builder_column_1_1 1_1 fusion-flex-column\"><div class=\"fusion-column-wrapper fusion-flex-justify-content-flex-start fusion-content-layout-column\" style=\"background-position:left top;background-repeat:no-repeat;-webkit-background-size:cover;-moz-background-size:cover;-o-background-size:cover;background-size:cover;padding: 0px 0px 0px 0px;\"><div class=\"fusion-text fusion-text-1\"><h3>Angaben gem\u00e4\u00df \u00a7 5 TMG<\/h3>\n<p><strong>Zentraleinkauf Baubedarf GmbH &amp; Co. KG<\/strong><br \/>\nHalberst\u00e4dter Stra\u00dfe 39<br \/>\n33106 Paderborn<\/p>\n<p>Handelsregister: HRA 880<br \/>\nRegistergericht: Paderborn<\/p>\n<p><strong>Vertreten durch:<\/strong><br \/>\nZentrallager Baubedarf GmbH<br \/>\nHalberst\u00e4dter Stra\u00dfe 39<br \/>\n33106 Paderborn<\/p>\n<p>Diese vertreten durch:<\/p>\n<p>Herr Antonius Trachternach<br \/>\nHerr Karl-Josef Grosche<\/p>\n<p>Handelsregister: HRB215<br \/>\nRegistergericht: Paderborn<\/p>\n<h3>Kontakt<\/h3>\n<p>Telefon: 0 52 51 &#8211; 17 50 0<br \/>\nTelefax: 0 52 51 &#8211; 17 50 32<br \/>\nE-Mail: info@zeb-online.de<\/p>\n<h3>Umsatzsteuer-ID<\/h3>\n<p>Umsatzsteuer-Identifikationsnummer gem\u00e4\u00df \u00a7 27 a Umsatzsteuergesetz:<br \/>\nDE 126 326 204<\/p>\n<h3>Redaktionell Verantwortlicher<\/h3>\n<p>Zentraleinkauf Baubedarf GmbH &amp; Co. KG<br \/>\nHerr Antonius Trachternach<br \/>\nHalberst\u00e4dter Stra\u00dfe 39<br \/>\n33106 Paderborn<\/p>\n<h3>EU-Streitschlichtung<\/h3>\n<p>Die Europ\u00e4ische Kommission stellt eine Plattform zur Online-Streitbeilegung (OS) bereit: <a href=\"https:\/\/ec.europa.eu\/consumers\/odr\" target=\"_blank\" rel=\"noopener noreferrer\">https:\/\/ec.europa.eu\/consumers\/odr<\/a>.<br \/>\nUnsere E-Mail-Adresse finden Sie oben im Impressum.<\/p>\n<h3>Verbraucher\u00adstreit\u00adbeilegung\/Universal\u00adschlichtungs\u00adstelle<\/h3>\n<p>Wir sind nicht bereit oder verpflichtet, an Streitbeilegungsverfahren vor einer Verbraucherschlichtungsstelle teilzunehmen.<\/p>\n<h4>Haftung f\u00fcr Inhalte<\/h4>\n<p>Als Diensteanbieter sind wir gem\u00e4\u00df \u00a7 7 Abs.1 TMG f\u00fcr eigene Inhalte auf diesen Seiten nach den allgemeinen Gesetzen verantwortlich. Nach \u00a7\u00a7 8 bis 10 TMG sind wir als Diensteanbieter jedoch nicht verpflichtet, \u00fcbermittelte oder gespeicherte fremde Informationen zu \u00fcberwachen oder nach Umst\u00e4nden zu forschen, die auf eine rechtswidrige T\u00e4tigkeit hinweisen.<\/p>\n<p>Verpflichtungen zur Entfernung oder Sperrung der Nutzung von Informationen nach den allgemeinen Gesetzen bleiben hiervon unber\u00fchrt. Eine diesbez\u00fcgliche Haftung ist jedoch erst ab dem Zeitpunkt der Kenntnis einer konkreten Rechtsverletzung m\u00f6glich. Bei Bekanntwerden von entsprechenden Rechtsverletzungen werden wir diese Inhalte umgehend entfernen.<\/p>\n<h4>Haftung f\u00fcr Links<\/h4>\n<p>Unser Angebot enth\u00e4lt Links zu externen Websites Dritter, auf deren Inhalte wir keinen Einfluss haben. Deshalb k\u00f6nnen wir f\u00fcr diese fremden Inhalte auch keine Gew\u00e4hr \u00fcbernehmen. F\u00fcr die Inhalte der verlinkten Seiten ist stets der jeweilige Anbieter oder Betreiber der Seiten verantwortlich. Die verlinkten Seiten wurden zum Zeitpunkt der Verlinkung auf m\u00f6gliche Rechtsverst\u00f6\u00dfe \u00fcberpr\u00fcft. Rechtswidrige Inhalte waren zum Zeitpunkt der Verlinkung nicht erkennbar.<\/p>\n<p>Eine permanente inhaltliche Kontrolle der verlinkten Seiten ist jedoch ohne konkrete Anhaltspunkte einer Rechtsverletzung nicht zumutbar. Bei Bekanntwerden von Rechtsverletzungen werden wir derartige Links umgehend entfernen.<\/p>\n<h4>Urheberrecht<\/h4>\n<p>Die durch die Seitenbetreiber erstellten Inhalte und Werke auf diesen Seiten unterliegen dem deutschen Urheberrecht. Die Vervielf\u00e4ltigung, Bearbeitung, Verbreitung und jede Art der Verwertung au\u00dferhalb der Grenzen des Urheberrechtes bed\u00fcrfen der schriftlichen Zustimmung des jeweiligen Autors bzw. Erstellers. Downloads und Kopien dieser Seite sind nur f\u00fcr den privaten, nicht kommerziellen Gebrauch gestattet.<\/p>\n<p>Soweit die Inhalte auf dieser Seite nicht vom Betreiber erstellt wurden, werden die Urheberrechte Dritter beachtet. Insbesondere werden Inhalte Dritter als solche gekennzeichnet. Sollten Sie trotzdem auf eine Urheberrechtsverletzung aufmerksam werden, bitten wir um einen entsprechenden Hinweis. Bei Bekanntwerden von Rechtsverletzungen werden wir derartige Inhalte umgehend entfernen.<\/p>\n<\/div><\/div><style type=\"text\/css\">.fusion-body .fusion-builder-column-0{width:100% !important;margin-top : 0px;margin-bottom : 20px;}.fusion-builder-column-0 > .fusion-column-wrapper {padding-top : 0px !important;padding-right : 0px !important;margin-right : 1.92%;padding-bottom : 0px !important;padding-left : 0px !important;margin-left : 1.92%;}@media only screen and (max-width:1024px) {.fusion-body .fusion-builder-column-0{width:100% !important;}.fusion-builder-column-0 > .fusion-column-wrapper {margin-right : 1.92%;margin-left : 1.92%;}}@media only screen and (max-width:640px) {.fusion-body .fusion-builder-column-0{width:100% !important;}.fusion-builder-column-0 > .fusion-column-wrapper {margin-right : 1.92%;margin-left : 1.92%;}}<\/style><\/div><\/div><style type=\"text\/css\">.fusion-body .fusion-flex-container.fusion-builder-row-1{ padding-top : 0px;margin-top : 0px;padding-right : 0px;padding-bottom : 0px;margin-bottom : 0px;padding-left : 0px;}<\/style><\/div>\n","protected":false},"excerpt":{"rendered":"","protected":false},"author":7,"featured_media":0,"parent":0,"menu_order":0,"comment_status":"closed","ping_status":"closed","template":"","meta":{"footnotes":""},"class_list":["post-10","page","type-page","status-publish","hentry"],"yoast_head":"<!-- This site is optimized with the Yoast SEO plugin v27.4 - https:\/\/yoast.com\/product\/yoast-seo-wordpress\/ -->\r\n<title>Impressum &#8211; Zentraleinkauf Baubedarf GmbH &amp; Co. KG<\/title>\r\n<meta name=\"robots\" content=\"index, follow, max-snippet:-1, max-image-preview:large, max-video-preview:-1\" \/>\r\n<link rel=\"canonical\" href=\"https:\/\/zeb-online.de\/cms\/impressum\/\" \/>\r\n<meta property=\"og:locale\" content=\"de_DE\" \/>\r\n<meta property=\"og:type\" content=\"article\" \/>\r\n<meta property=\"og:title\" content=\"Impressum &#8211; Zentraleinkauf Baubedarf GmbH &amp; Co. KG\" \/>\r\n<meta property=\"og:url\" content=\"https:\/\/zeb-online.de\/cms\/impressum\/\" \/>\r\n<meta property=\"og:site_name\" content=\"Zentraleinkauf Baubedarf GmbH &amp; Co. KG\" \/>\r\n<meta property=\"article:modified_time\" content=\"2024-01-02T08:28:11+00:00\" \/>\r\n<meta name=\"twitter:card\" content=\"summary_large_image\" \/>\r\n<meta name=\"twitter:label1\" content=\"Gesch\u00e4tzte Lesezeit\" \/>\n\t<meta name=\"twitter:data1\" content=\"4\u00a0Minuten\" \/>\r\n<script type=\"application\/ld+json\" class=\"yoast-schema-graph\">{\"@context\":\"https:\\\/\\\/schema.org\",\"@graph\":[{\"@type\":\"WebPage\",\"@id\":\"https:\\\/\\\/zeb-online.de\\\/cms\\\/impressum\\\/\",\"url\":\"https:\\\/\\\/zeb-online.de\\\/cms\\\/impressum\\\/\",\"name\":\"Impressum &#8211; Zentraleinkauf Baubedarf GmbH &amp; Co. KG\",\"isPartOf\":{\"@id\":\"https:\\\/\\\/zeb-online.de\\\/cms\\\/#website\"},\"datePublished\":\"2021-01-11T14:05:58+00:00\",\"dateModified\":\"2024-01-02T08:28:11+00:00\",\"breadcrumb\":{\"@id\":\"https:\\\/\\\/zeb-online.de\\\/cms\\\/impressum\\\/#breadcrumb\"},\"inLanguage\":\"de\",\"potentialAction\":[{\"@type\":\"ReadAction\",\"target\":[\"https:\\\/\\\/zeb-online.de\\\/cms\\\/impressum\\\/\"]}]},{\"@type\":\"BreadcrumbList\",\"@id\":\"https:\\\/\\\/zeb-online.de\\\/cms\\\/impressum\\\/#breadcrumb\",\"itemListElement\":[{\"@type\":\"ListItem\",\"position\":1,\"name\":\"Startseite\",\"item\":\"https:\\\/\\\/zeb-online.de\\\/cms\\\/\"},{\"@type\":\"ListItem\",\"position\":2,\"name\":\"Impressum\"}]},{\"@type\":\"WebSite\",\"@id\":\"https:\\\/\\\/zeb-online.de\\\/cms\\\/#website\",\"url\":\"https:\\\/\\\/zeb-online.de\\\/cms\\\/\",\"name\":\"Zentraleinkauf Baubedarf GmbH &amp; Co. KG\",\"description\":\"Die Kooperation f\u00fcr mittelst\u00e4ndische Baustoffh\u00e4ndler und Baumarktbetreiber.\",\"publisher\":{\"@id\":\"https:\\\/\\\/zeb-online.de\\\/cms\\\/#organization\"},\"potentialAction\":[{\"@type\":\"SearchAction\",\"target\":{\"@type\":\"EntryPoint\",\"urlTemplate\":\"https:\\\/\\\/zeb-online.de\\\/cms\\\/?s={search_term_string}\"},\"query-input\":{\"@type\":\"PropertyValueSpecification\",\"valueRequired\":true,\"valueName\":\"search_term_string\"}}],\"inLanguage\":\"de\"},{\"@type\":\"Organization\",\"@id\":\"https:\\\/\\\/zeb-online.de\\\/cms\\\/#organization\",\"name\":\"Zentraleinkauf Baubedarf GmbH & Co. KG\",\"url\":\"https:\\\/\\\/zeb-online.de\\\/cms\\\/\",\"logo\":{\"@type\":\"ImageObject\",\"inLanguage\":\"de\",\"@id\":\"https:\\\/\\\/zeb-online.de\\\/cms\\\/#\\\/schema\\\/logo\\\/image\\\/\",\"url\":\"https:\\\/\\\/zeb-online.de\\\/cms\\\/wp-content\\\/uploads\\\/2021\\\/07\\\/zeb_logo_152152.png\",\"contentUrl\":\"https:\\\/\\\/zeb-online.de\\\/cms\\\/wp-content\\\/uploads\\\/2021\\\/07\\\/zeb_logo_152152.png\",\"width\":152,\"height\":152,\"caption\":\"Zentraleinkauf Baubedarf GmbH & Co. KG\"},\"image\":{\"@id\":\"https:\\\/\\\/zeb-online.de\\\/cms\\\/#\\\/schema\\\/logo\\\/image\\\/\"},\"sameAs\":[\"https:\\\/\\\/www.instagram.com\\\/zeb_zentraleinkauf_baubedarf\\\/\"]}]}<\/script>\r\n<!-- \/ Yoast SEO plugin. -->","yoast_head_json":{"title":"Impressum &#8211; Zentraleinkauf Baubedarf GmbH &amp; Co. KG","robots":{"index":"index","follow":"follow","max-snippet":"max-snippet:-1","max-image-preview":"max-image-preview:large","max-video-preview":"max-video-preview:-1"},"canonical":"https:\/\/zeb-online.de\/cms\/impressum\/","og_locale":"de_DE","og_type":"article","og_title":"Impressum &#8211; Zentraleinkauf Baubedarf GmbH &amp; Co. KG","og_url":"https:\/\/zeb-online.de\/cms\/impressum\/","og_site_name":"Zentraleinkauf Baubedarf GmbH &amp; Co. KG","article_modified_time":"2024-01-02T08:28:11+00:00","twitter_card":"summary_large_image","twitter_misc":{"Gesch\u00e4tzte Lesezeit":"4\u00a0Minuten"},"schema":{"@context":"https:\/\/schema.org","@graph":[{"@type":"WebPage","@id":"https:\/\/zeb-online.de\/cms\/impressum\/","url":"https:\/\/zeb-online.de\/cms\/impressum\/","name":"Impressum &#8211; Zentraleinkauf Baubedarf GmbH &amp; Co. KG","isPartOf":{"@id":"https:\/\/zeb-online.de\/cms\/#website"},"datePublished":"2021-01-11T14:05:58+00:00","dateModified":"2024-01-02T08:28:11+00:00","breadcrumb":{"@id":"https:\/\/zeb-online.de\/cms\/impressum\/#breadcrumb"},"inLanguage":"de","potentialAction":[{"@type":"ReadAction","target":["https:\/\/zeb-online.de\/cms\/impressum\/"]}]},{"@type":"BreadcrumbList","@id":"https:\/\/zeb-online.de\/cms\/impressum\/#breadcrumb","itemListElement":[{"@type":"ListItem","position":1,"name":"Startseite","item":"https:\/\/zeb-online.de\/cms\/"},{"@type":"ListItem","position":2,"name":"Impressum"}]},{"@type":"WebSite","@id":"https:\/\/zeb-online.de\/cms\/#website","url":"https:\/\/zeb-online.de\/cms\/","name":"Zentraleinkauf Baubedarf GmbH &amp; Co. KG","description":"Die Kooperation f\u00fcr mittelst\u00e4ndische Baustoffh\u00e4ndler und Baumarktbetreiber.","publisher":{"@id":"https:\/\/zeb-online.de\/cms\/#organization"},"potentialAction":[{"@type":"SearchAction","target":{"@type":"EntryPoint","urlTemplate":"https:\/\/zeb-online.de\/cms\/?s={search_term_string}"},"query-input":{"@type":"PropertyValueSpecification","valueRequired":true,"valueName":"search_term_string"}}],"inLanguage":"de"},{"@type":"Organization","@id":"https:\/\/zeb-online.de\/cms\/#organization","name":"Zentraleinkauf Baubedarf GmbH & Co. KG","url":"https:\/\/zeb-online.de\/cms\/","logo":{"@type":"ImageObject","inLanguage":"de","@id":"https:\/\/zeb-online.de\/cms\/#\/schema\/logo\/image\/","url":"https:\/\/zeb-online.de\/cms\/wp-content\/uploads\/2021\/07\/zeb_logo_152152.png","contentUrl":"https:\/\/zeb-online.de\/cms\/wp-content\/uploads\/2021\/07\/zeb_logo_152152.png","width":152,"height":152,"caption":"Zentraleinkauf Baubedarf GmbH & Co. KG"},"image":{"@id":"https:\/\/zeb-online.de\/cms\/#\/schema\/logo\/image\/"},"sameAs":["https:\/\/www.instagram.com\/zeb_zentraleinkauf_baubedarf\/"]}]}},"_links":{"self":[{"href":"https:\/\/zeb-online.de\/cms\/wp-json\/wp\/v2\/pages\/10","targetHints":{"allow":["GET"]}}],"collection":[{"href":"https:\/\/zeb-online.de\/cms\/wp-json\/wp\/v2\/pages"}],"about":[{"href":"https:\/\/zeb-online.de\/cms\/wp-json\/wp\/v2\/types\/page"}],"author":[{"embeddable":true,"href":"https:\/\/zeb-online.de\/cms\/wp-json\/wp\/v2\/users\/7"}],"replies":[{"embeddable":true,"href":"https:\/\/zeb-online.de\/cms\/wp-json\/wp\/v2\/comments?post=10"}],"version-history":[{"count":3,"href":"https:\/\/zeb-online.de\/cms\/wp-json\/wp\/v2\/pages\/10\/revisions"}],"predecessor-version":[{"id":1738,"href":"https:\/\/zeb-online.de\/cms\/wp-json\/wp\/v2\/pages\/10\/revisions\/1738"}],"wp:attachment":[{"href":"https:\/\/zeb-online.de\/cms\/wp-json\/wp\/v2\/media?parent=10"}],"curies":[{"name":"wp","href":"https:\/\/api.w.org\/{rel}","templated":true}]}}